{"id":25814117,"date":"2025-07-09T09:32:35","date_gmt":"2025-07-09T07:32:35","guid":{"rendered":"https:\/\/eneltic.ch\/dev\/aebitech\/references\/umbau-des-landwirtschaftlichen-lagerhauses-landi-motiers-ne\/"},"modified":"2026-02-06T15:27:48","modified_gmt":"2026-02-06T14:27:48","slug":"umbau-des-landwirtschaftlichen-lagerhauses-landi-motiers-ne","status":"publish","type":"project","link":"https:\/\/aebitech.ch\/de\/references\/umbau-des-landwirtschaftlichen-lagerhauses-landi-motiers-ne\/","title":{"rendered":"Landwirtschaftliches Lagerhaus Landi \u2013 M\u00f4tiers NE"},"content":{"rendered":"<p>[et_pb_section fb_built=&#8220;1&#8243; custom_padding_last_edited=&#8220;on|desktop&#8220; _builder_version=&#8220;4.27.4&#8243; _module_preset=&#8220;default&#8220; custom_padding=&#8220;100px||||false|false&#8220; custom_padding_tablet=&#8220;150px||||false|false&#8220; custom_padding_phone=&#8220;80px||||false|false&#8220; global_colors_info=&#8220;{}&#8220;][et_pb_row make_equal=&#8220;on&#8220; _builder_version=&#8220;4.20.2&#8243; _module_preset=&#8220;default&#8220; custom_padding=&#8220;0px||20px||false|false&#8220; custom_css_main_element=&#8220;align-items: center;&#8220; global_colors_info=&#8220;{}&#8220;][et_pb_column type=&#8220;4_4&#8243; _builder_version=&#8220;4.20.2&#8243; _module_preset=&#8220;default&#8220; global_colors_info=&#8220;{}&#8220;][dipi_dual_heading second_heading=&#8220;@ET-DC@eyJkeW5hbWljIjp0cnVlLCJjb250ZW50IjoicG9zdF90aXRsZSIsInNldHRpbmdzIjp7ImJlZm9yZSI6IiIsImFmdGVyIjoiIn19@&#8220; heading_display=&#8220;column&#8220; sh_padding=&#8220;0px|3px|10px|3px|false|false&#8220; _builder_version=&#8220;4.27.4&#8243; _dynamic_attributes=&#8220;second_heading&#8220; _module_preset=&#8220;default&#8220; first_heading_font=&#8220;Marcellus||||||||&#8220; first_heading_text_color=&#8220;#000000&#8243; first_heading_font_size=&#8220;80px&#8220; first_heading_line_height=&#8220;1.3em&#8220; second_heading_font=&#8220;Poppins||||||||&#8220; second_heading_text_color=&#8220;#000000&#8243; second_heading_font_size=&#8220;80px&#8220; second_heading_line_height=&#8220;1em&#8220; custom_margin=&#8220;||40px||false|false&#8220; first_heading_font_size_tablet=&#8220;80px&#8220; first_heading_font_size_phone=&#8220;40px&#8220; first_heading_font_size_last_edited=&#8220;on|phone&#8220; second_heading_font_size_tablet=&#8220;70px&#8220; second_heading_font_size_phone=&#8220;30px&#8220; second_heading_font_size_last_edited=&#8220;on|phone&#8220; locked=&#8220;off&#8220; global_colors_info=&#8220;{}&#8220;][\/dipi_dual_heading][et_pb_divider color=&#8220;#E1E2E5&#8243; divider_weight=&#8220;2px&#8220; _builder_version=&#8220;4.27.4&#8243; _module_preset=&#8220;default&#8220; locked=&#8220;off&#8220; global_colors_info=&#8220;{}&#8220;][\/et_pb_divider][\/et_pb_column][\/et_pb_row][et_pb_row column_structure=&#8220;1_3,1_3,1_3&#8243; use_custom_gutter=&#8220;on&#8220; gutter_width=&#8220;1&#8243; make_equal=&#8220;on&#8220; _builder_version=&#8220;4.27.4&#8243; _module_preset=&#8220;default&#8220; custom_padding=&#8220;0px||0px||false|false&#8220; custom_css_main_element=&#8220;align-items: center;&#8220; locked=&#8220;off&#8220; global_colors_info=&#8220;{}&#8220;][et_pb_column type=&#8220;1_3&#8243; _builder_version=&#8220;4.27.4&#8243; _module_preset=&#8220;default&#8220; global_colors_info=&#8220;{}&#8220; custom_css_main_element_last_edited=&#8220;off|desktop&#8220; custom_css_main_element_tablet=&#8220;min-width: 100%;&#8220; custom_css_main_element_phone=&#8220;min-width: 100%;&#8220;][et_pb_blurb title=&#8220;@ET-DC@eyJkeW5hbWljIjp0cnVlLCJjb250ZW50IjoicG9zdF9jYXRlZ29yaWVzIiwic2V0dGluZ3MiOnsiYmVmb3JlIjoiIiwiYWZ0ZXIiOiIiLCJsaW5rX3RvX3Rlcm1fcGFnZSI6Im9uIiwic2VwYXJhdG9yIjoiIHwgIiwiY2F0ZWdvcnlfdHlwZSI6InByb2plY3RfY2F0ZWdvcnkifX0=@&#8220; use_icon=&#8220;on&#8220; font_icon=&#8220;&#xf111;||fa||900&#8243; icon_color=&#8220;#4D5154&#8243; icon_placement=&#8220;left&#8220; image_icon_width=&#8220;15px&#8220; icon_placement_tablet=&#8220;left&#8220; icon_placement_phone=&#8220;left&#8220; icon_placement_last_edited=&#8220;on|tablet&#8220; content_max_width_tablet=&#8220;250px&#8220; content_max_width_phone=&#8220;250px&#8220; content_max_width_last_edited=&#8220;on|tablet&#8220; _builder_version=&#8220;4.20.2&#8243; _dynamic_attributes=&#8220;title&#8220; _module_preset=&#8220;default&#8220; header_font=&#8220;Poppins|||on|||||&#8220; header_text_color=&#8220;#4D5154&#8243; header_font_size=&#8220;14px&#8220; header_letter_spacing=&#8220;2px&#8220; background_color=&#8220;#FAFAFA&#8220; max_width_last_edited=&#8220;off|tablet&#8220; module_alignment=&#8220;left&#8220; custom_margin=&#8220;||||false|false&#8220; custom_padding=&#8220;15px|15px|6px|15px|false|true&#8220; header_text_align_tablet=&#8220;center&#8220; header_text_align_phone=&#8220;center&#8220; header_text_align_last_edited=&#8220;on|tablet&#8220; custom_css_blurb_title=&#8220;margin-left: -20px;&#8220; border_radii=&#8220;on|100px|100px|100px|100px&#8220; border_width_all=&#8220;1px&#8220; border_color_all=&#8220;#F5F5F5&#8243; global_colors_info=&#8220;{}&#8220;][\/et_pb_blurb][\/et_pb_column][et_pb_column type=&#8220;1_3&#8243; _builder_version=&#8220;4.27.4&#8243; _module_preset=&#8220;default&#8220; custom_padding=&#8220;|||20px|false|false&#8220; custom_padding_tablet=&#8220;|||0px|false|false&#8220; custom_padding_phone=&#8220;|||0px|false|false&#8220; custom_padding_last_edited=&#8220;on|tablet&#8220; global_colors_info=&#8220;{}&#8220; custom_css_main_element_last_edited=&#8220;off|desktop&#8220; custom_css_main_element_tablet=&#8220;min-width: 100%;&#8220; custom_css_main_element_phone=&#8220;min-width: 100%;&#8220;][\/et_pb_column][et_pb_column type=&#8220;1_3&#8243; _builder_version=&#8220;4.20.2&#8243; _module_preset=&#8220;default&#8220; custom_css_main_element=&#8220;min-width: 40%;&#8220; global_colors_info=&#8220;{}&#8220; custom_css_main_element_last_edited=&#8220;on|tablet&#8220; custom_css_main_element_tablet=&#8220;min-width: 100%;&#8220; custom_css_main_element_phone=&#8220;min-width: 100%;&#8220;][\/et_pb_column][\/et_pb_row][et_pb_row column_structure=&#8220;2_3,1_3&#8243; use_custom_gutter=&#8220;on&#8220; gutter_width=&#8220;2&#8243; make_equal=&#8220;on&#8220; _builder_version=&#8220;4.20.2&#8243; _module_preset=&#8220;default&#8220; global_colors_info=&#8220;{}&#8220;][et_pb_column type=&#8220;2_3&#8243; _builder_version=&#8220;4.20.2&#8243; _module_preset=&#8220;default&#8220; global_colors_info=&#8220;{}&#8220;][et_pb_gallery fullwidth=&#8220;on&#8220; _builder_version=&#8220;4.27.4&#8243; _module_preset=&#8220;default&#8220; pagination_text_color=&#8220;#FFFFFF&#8220; auto=&#8220;on&#8220; auto_speed=&#8220;4000&#8243; hover_enabled=&#8220;0&#8243; border_radii=&#8220;on|10px|10px|10px|10px&#8220; global_colors_info=&#8220;{}&#8220; global_module=&#8220;29529&#8243; theme_builder_area=&#8220;post_content&#8220; gallery_ids=&#8220;25814030&#8243; sticky_enabled=&#8220;0&#8243;][\/et_pb_gallery][\/et_pb_column][et_pb_column type=&#8220;1_3&#8243; _builder_version=&#8220;4.20.2&#8243; _module_preset=&#8220;default&#8220; background_color=&#8220;#FAFAFA&#8220; custom_padding=&#8220;40px|30px|40px|30px|true|true&#8220; border_width_all=&#8220;2px&#8220; border_color_all=&#8220;#F5F5F5&#8243; global_colors_info=&#8220;{}&#8220;][et_pb_text _builder_version=&#8220;4.27.4&#8243; _module_preset=&#8220;default&#8220; header_4_font=&#8220;Poppins||||||||&#8220; header_4_text_color=&#8220;#000000&#8243; header_4_font_size=&#8220;22px&#8220; custom_margin=&#8220;||40px||false|false&#8220; global_colors_info=&#8220;{}&#8220;]<\/p>\n<h4>Angaben zum Geb\u00e4ude<\/h4>\n<p>[\/et_pb_text][et_pb_blurb title=&#8220;Bauherr&#8220; image_icon_background_color=&#8220;#FFFFFF&#8220; image_icon_width=&#8220;60px&#8220; _builder_version=&#8220;4.27.4&#8243; _module_preset=&#8220;default&#8220; header_font=&#8220;Poppins||||||||&#8220; header_font_size=&#8220;14px&#8220; body_font=&#8220;Poppins||||||||&#8220; body_text_color=&#8220;#000000&#8243; body_font_size=&#8220;20px&#8220; body_line_height=&#8220;1.4em&#8220; image_icon_custom_padding=&#8220;10px|10px|10px|10px|true|true&#8220; custom_margin=&#8220;||30px||false|false&#8220; custom_padding=&#8220;||||false|false&#8220; custom_css_blurb_title=&#8220;margin-top: 3px;&#8220; border_radii_image=&#8220;on|5px|5px|5px|5px&#8220; global_colors_info=&#8220;{}&#8220;]<\/p>\n<p>Landi Region Neuch\u00e2tel SA<\/p>\n<p>[\/et_pb_blurb][et_pb_divider color=&#8220;#E1E2E5&#8243; _builder_version=&#8220;4.20.2&#8243; _module_preset=&#8220;default&#8220; global_colors_info=&#8220;{}&#8220;][\/et_pb_divider][et_pb_blurb title=&#8220;Inbetriebnahme&#8220; image_icon_background_color=&#8220;#FFFFFF&#8220; image_icon_width=&#8220;60px&#8220; _builder_version=&#8220;4.27.4&#8243; _module_preset=&#8220;default&#8220; header_font=&#8220;Poppins||||||||&#8220; header_font_size=&#8220;14px&#8220; body_font=&#8220;Poppins||||||||&#8220; body_text_color=&#8220;#000000&#8243; body_font_size=&#8220;20px&#8220; body_line_height=&#8220;1.4em&#8220; image_icon_custom_padding=&#8220;10px|10px|10px|10px|true|true&#8220; custom_margin=&#8220;||30px||false|false&#8220; custom_padding=&#8220;||||false|false&#8220; custom_css_blurb_title=&#8220;margin-top: 3px;&#8220; border_radii_image=&#8220;on|5px|5px|5px|5px&#8220; global_colors_info=&#8220;{}&#8220;]<\/p>\n<p>2025<\/p>\n<p>[\/et_pb_blurb][et_pb_divider color=&#8220;#E1E2E5&#8243; _builder_version=&#8220;4.20.2&#8243; _module_preset=&#8220;default&#8220; global_colors_info=&#8220;{}&#8220;][\/et_pb_divider][et_pb_blurb title=&#8220;Bau&#8220; image_icon_background_color=&#8220;#FFFFFF&#8220; image_icon_width=&#8220;60px&#8220; _builder_version=&#8220;4.27.4&#8243; _module_preset=&#8220;default&#8220; header_font=&#8220;Poppins||||||||&#8220; header_font_size=&#8220;14px&#8220; body_font=&#8220;Poppins||||||||&#8220; body_text_color=&#8220;#000000&#8243; body_font_size=&#8220;20px&#8220; body_line_height=&#8220;1.4em&#8220; image_icon_custom_padding=&#8220;10px|10px|10px|10px|true|true&#8220; custom_margin=&#8220;||30px||false|false&#8220; custom_padding=&#8220;||||false|false&#8220; custom_css_blurb_title=&#8220;margin-top: 3px;&#8220; border_radii_image=&#8220;on|5px|5px|5px|5px&#8220; global_colors_info=&#8220;{}&#8220;]<\/p>\n<p>Holz und Mauerwerk<\/p>\n<p>[\/et_pb_blurb][et_pb_divider color=&#8220;#E1E2E5&#8243; _builder_version=&#8220;4.20.2&#8243; _module_preset=&#8220;default&#8220; global_colors_info=&#8220;{}&#8220;][\/et_pb_divider][et_pb_blurb title=&#8220;Erbrachte Leistungen&#8220; image_icon_background_color=&#8220;#FFFFFF&#8220; image_icon_width=&#8220;60px&#8220; _builder_version=&#8220;4.27.4&#8243; _module_preset=&#8220;default&#8220; header_font=&#8220;Poppins||||||||&#8220; header_font_size=&#8220;14px&#8220; body_font=&#8220;Poppins||||||||&#8220; body_text_color=&#8220;#000000&#8243; body_font_size=&#8220;20px&#8220; body_line_height=&#8220;1.4em&#8220; image_icon_custom_padding=&#8220;10px|10px|10px|10px|true|true&#8220; custom_margin=&#8220;||30px||false|false&#8220; custom_padding=&#8220;||||false|false&#8220; custom_css_blurb_title=&#8220;margin-top: 3px;&#8220; border_radii_image=&#8220;on|5px|5px|5px|5px&#8220; global_colors_info=&#8220;{}&#8220;]<\/p>\n<p>63% HLS + MSR<\/p>\n<p>[\/et_pb_blurb][\/et_pb_column][\/et_pb_row][\/et_pb_section][et_pb_section fb_built=&#8220;1&#8243; _builder_version=&#8220;4.20.2&#8243; _module_preset=&#8220;default&#8220; custom_padding=&#8220;0px||||false|false&#8220; global_colors_info=&#8220;{}&#8220;][et_pb_row column_structure=&#8220;1_4,3_4&#8243; _builder_version=&#8220;4.27.4&#8243; _module_preset=&#8220;default&#8220; custom_padding=&#8220;40px|40px|40px|40px|true|true&#8220; border_width_all=&#8220;2px&#8220; border_color_all=&#8220;#f5f5f5&#8243; global_colors_info=&#8220;{}&#8220;][et_pb_column type=&#8220;1_4&#8243; _builder_version=&#8220;4.20.2&#8243; _module_preset=&#8220;default&#8220; global_colors_info=&#8220;{}&#8220;][et_pb_text _builder_version=&#8220;4.27.4&#8243; _module_preset=&#8220;default&#8220; text_font=&#8220;Poppins||||||||&#8220; text_text_color=&#8220;#4D5154&#8243; text_font_size=&#8220;25px&#8220; text_line_height=&#8220;1.5em&#8220; text_font_size_tablet=&#8220;25px&#8220; text_font_size_phone=&#8220;22px&#8220; text_font_size_last_edited=&#8220;on|phone&#8220; global_colors_info=&#8220;{}&#8220;]Informationen[\/et_pb_text][\/et_pb_column][et_pb_column type=&#8220;3_4&#8243; _builder_version=&#8220;4.20.2&#8243; _module_preset=&#8220;default&#8220; global_colors_info=&#8220;{}&#8220;][et_pb_text _builder_version=&#8220;4.27.4&#8243; _module_preset=&#8220;default&#8220; text_font=&#8220;Poppins||||||||&#8220; text_text_color=&#8220;#000000&#8243; text_font_size=&#8220;20px&#8220; text_line_height=&#8220;1.6em&#8220; text_font_size_tablet=&#8220;18px&#8220; text_font_size_phone=&#8220;16px&#8220; text_font_size_last_edited=&#8220;on|phone&#8220; global_colors_info=&#8220;{}&#8220;]<\/p>\n<p>Umbau des Landi-Lagerhauses mit Verwaltungsfl\u00e4chen, Rezeption und Lagerr\u00e4umen. W\u00e4rmeerzeugung durch Luft-Wasser-W\u00e4rmepumpe und WP-Boiler f\u00fcr Warmwasser. <\/p>\n<p>[\/et_pb_text][\/et_pb_column][\/et_pb_row][\/et_pb_section]<\/p>\n","protected":false},"excerpt":{"rendered":"<p><div class=\"et_pb_module dipi_dual_heading dipi_dual_heading_0\">\n\t\t\t\t\n\t\t\t\t\n\t\t\t\t\n\t\t\t\t\n\t\t\t\t\n\t\t\t\t\n\t\t\t\t<div class=\"et_pb_module_inner\">\n\t\t\t\t\t\n                <div class=\"dipi-dual-heading \">\n                    <h2 class=\"dipi-dh-main\">\n                        <span class=\"dipi-dh-first-heading\">\n                            <span class=\"dipi-dh-animation-container\">\n                                <span class=\"dipi-dh-bg-container\">\n                                    \n                                <\/span>\n                            <\/span>\n                        <\/span>\n                        <span class=\"dipi-dh-second-heading\">\n                            <span class=\"dipi-dh-animation-container\">\n                                <span class=\"dipi-dh-bg-container\">\n                                    \n                                <\/span>\n                            <\/span>\n                        <\/span>\n                    <\/h2>\n                <\/div>\n\t\t\t\t<\/div>\n\t\t\t<\/div>Angaben zum Geb\u00e4udeLandi Region Neuch\u00e2tel SA2025Holz und Mauerwerk63% HLS + MSRInformationenUmbau des Landi-Lagerhauses mit Verwaltungsfl\u00e4chen, Rezeption und Lagerr\u00e4umen. W\u00e4rmeerzeugung durch Luft-Wasser-W\u00e4rmepumpe und WP-Boiler f\u00fcr Warmwasser.<\/p>\n","protected":false},"author":3,"featured_media":25814030,"comment_status":"closed","ping_status":"closed","template":"","meta":{"_et_pb_use_builder":"on","_et_pb_old_content":"","_et_gb_content_width":"","footnotes":""},"project_category":[46],"project_tag":[],"class_list":["post-25814117","project","type-project","status-publish","has-post-thumbnail","hentry","project_category-gewerbe"],"yoast_head":"<!-- This site is optimized with the Yoast SEO plugin v27.5 - https:\/\/yoast.com\/product\/yoast-seo-wordpress\/ -->\n<title>Landwirtschaftliches Lagerhaus Landi \u2013 M\u00f4tiers NE - Aebitech SA<\/title>\n<meta name=\"robots\" content=\"index, follow, max-snippet:-1, max-image-preview:large, max-video-preview:-1\" \/>\n<link rel=\"canonical\" href=\"https:\/\/aebitech.ch\/de\/references\/umbau-des-landwirtschaftlichen-lagerhauses-landi-motiers-ne\/\" \/>\n<meta property=\"og:locale\" content=\"de_DE\" \/>\n<meta property=\"og:type\" content=\"article\" \/>\n<meta property=\"og:title\" content=\"Landwirtschaftliches Lagerhaus Landi \u2013 M\u00f4tiers NE - Aebitech SA\" \/>\n<meta property=\"og:description\" content=\"Angaben zum Geb\u00e4udeLandi Region Neuch\u00e2tel SA2025Holz und Mauerwerk63% HLS + MSRInformationenUmbau des Landi-Lagerhauses mit Verwaltungsfl\u00e4chen, Rezeption und Lagerr\u00e4umen. W\u00e4rmeerzeugung durch Luft-Wasser-W\u00e4rmepumpe und WP-Boiler f\u00fcr Warmwasser.\" \/>\n<meta property=\"og:url\" content=\"https:\/\/aebitech.ch\/de\/references\/umbau-des-landwirtschaftlichen-lagerhauses-landi-motiers-ne\/\" \/>\n<meta property=\"og:site_name\" content=\"Aebitech SA\" \/>\n<meta property=\"article:modified_time\" content=\"2026-02-06T14:27:48+00:00\" \/>\n<meta property=\"og:image\" content=\"https:\/\/aebitech.ch\/wp-content\/uploads\/2025\/07\/Vue_bat-cc-2.min_-1.jpg\" \/>\n\t<meta property=\"og:image:width\" content=\"1600\" \/>\n\t<meta property=\"og:image:height\" content=\"1200\" \/>\n\t<meta property=\"og:image:type\" content=\"image\/jpeg\" \/>\n<meta name=\"twitter:card\" content=\"summary_large_image\" \/>\n<meta name=\"twitter:label1\" content=\"Gesch\u00e4tzte Lesezeit\" \/>\n\t<meta name=\"twitter:data1\" content=\"7\u00a0Minuten\" \/>\n<script type=\"application\/ld+json\" class=\"yoast-schema-graph\">{\"@context\":\"https:\\\/\\\/schema.org\",\"@graph\":[{\"@type\":\"WebPage\",\"@id\":\"https:\\\/\\\/aebitech.ch\\\/de\\\/references\\\/umbau-des-landwirtschaftlichen-lagerhauses-landi-motiers-ne\\\/\",\"url\":\"https:\\\/\\\/aebitech.ch\\\/de\\\/references\\\/umbau-des-landwirtschaftlichen-lagerhauses-landi-motiers-ne\\\/\",\"name\":\"Landwirtschaftliches Lagerhaus Landi \u2013 M\u00f4tiers NE - Aebitech SA\",\"isPartOf\":{\"@id\":\"https:\\\/\\\/aebitech.ch\\\/de\\\/#website\"},\"primaryImageOfPage\":{\"@id\":\"https:\\\/\\\/aebitech.ch\\\/de\\\/references\\\/umbau-des-landwirtschaftlichen-lagerhauses-landi-motiers-ne\\\/#primaryimage\"},\"image\":{\"@id\":\"https:\\\/\\\/aebitech.ch\\\/de\\\/references\\\/umbau-des-landwirtschaftlichen-lagerhauses-landi-motiers-ne\\\/#primaryimage\"},\"thumbnailUrl\":\"https:\\\/\\\/aebitech.ch\\\/wp-content\\\/uploads\\\/2025\\\/07\\\/Vue_bat-cc-2.min_-1.jpg\",\"datePublished\":\"2025-07-09T07:32:35+00:00\",\"dateModified\":\"2026-02-06T14:27:48+00:00\",\"breadcrumb\":{\"@id\":\"https:\\\/\\\/aebitech.ch\\\/de\\\/references\\\/umbau-des-landwirtschaftlichen-lagerhauses-landi-motiers-ne\\\/#breadcrumb\"},\"inLanguage\":\"de\",\"potentialAction\":[{\"@type\":\"ReadAction\",\"target\":[\"https:\\\/\\\/aebitech.ch\\\/de\\\/references\\\/umbau-des-landwirtschaftlichen-lagerhauses-landi-motiers-ne\\\/\"]}]},{\"@type\":\"ImageObject\",\"inLanguage\":\"de\",\"@id\":\"https:\\\/\\\/aebitech.ch\\\/de\\\/references\\\/umbau-des-landwirtschaftlichen-lagerhauses-landi-motiers-ne\\\/#primaryimage\",\"url\":\"https:\\\/\\\/aebitech.ch\\\/wp-content\\\/uploads\\\/2025\\\/07\\\/Vue_bat-cc-2.min_-1.jpg\",\"contentUrl\":\"https:\\\/\\\/aebitech.ch\\\/wp-content\\\/uploads\\\/2025\\\/07\\\/Vue_bat-cc-2.min_-1.jpg\",\"width\":1600,\"height\":1200},{\"@type\":\"BreadcrumbList\",\"@id\":\"https:\\\/\\\/aebitech.ch\\\/de\\\/references\\\/umbau-des-landwirtschaftlichen-lagerhauses-landi-motiers-ne\\\/#breadcrumb\",\"itemListElement\":[{\"@type\":\"ListItem\",\"position\":1,\"name\":\"Accueil\",\"item\":\"https:\\\/\\\/aebitech.ch\\\/de\\\/\"},{\"@type\":\"ListItem\",\"position\":2,\"name\":\"R\u00e9f\u00e9rences\",\"item\":\"https:\\\/\\\/aebitech.ch\\\/de\\\/references\\\/\"},{\"@type\":\"ListItem\",\"position\":3,\"name\":\"Landwirtschaftliches Lagerhaus Landi \u2013 M\u00f4tiers NE\"}]},{\"@type\":\"WebSite\",\"@id\":\"https:\\\/\\\/aebitech.ch\\\/de\\\/#website\",\"url\":\"https:\\\/\\\/aebitech.ch\\\/de\\\/\",\"name\":\"Aebitech SA\",\"description\":\"\",\"potentialAction\":[{\"@type\":\"SearchAction\",\"target\":{\"@type\":\"EntryPoint\",\"urlTemplate\":\"https:\\\/\\\/aebitech.ch\\\/de\\\/?s={search_term_string}\"},\"query-input\":{\"@type\":\"PropertyValueSpecification\",\"valueRequired\":true,\"valueName\":\"search_term_string\"}}],\"inLanguage\":\"de\"}]}<\/script>\n<!-- \/ Yoast SEO plugin. -->","yoast_head_json":{"title":"Landwirtschaftliches Lagerhaus Landi \u2013 M\u00f4tiers NE - Aebitech SA","robots":{"index":"index","follow":"follow","max-snippet":"max-snippet:-1","max-image-preview":"max-image-preview:large","max-video-preview":"max-video-preview:-1"},"canonical":"https:\/\/aebitech.ch\/de\/references\/umbau-des-landwirtschaftlichen-lagerhauses-landi-motiers-ne\/","og_locale":"de_DE","og_type":"article","og_title":"Landwirtschaftliches Lagerhaus Landi \u2013 M\u00f4tiers NE - Aebitech SA","og_description":"Angaben zum Geb\u00e4udeLandi Region Neuch\u00e2tel SA2025Holz und Mauerwerk63% HLS + MSRInformationenUmbau des Landi-Lagerhauses mit Verwaltungsfl\u00e4chen, Rezeption und Lagerr\u00e4umen. W\u00e4rmeerzeugung durch Luft-Wasser-W\u00e4rmepumpe und WP-Boiler f\u00fcr Warmwasser.","og_url":"https:\/\/aebitech.ch\/de\/references\/umbau-des-landwirtschaftlichen-lagerhauses-landi-motiers-ne\/","og_site_name":"Aebitech SA","article_modified_time":"2026-02-06T14:27:48+00:00","og_image":[{"width":1600,"height":1200,"url":"https:\/\/aebitech.ch\/wp-content\/uploads\/2025\/07\/Vue_bat-cc-2.min_-1.jpg","type":"image\/jpeg"}],"twitter_card":"summary_large_image","twitter_misc":{"Gesch\u00e4tzte Lesezeit":"7\u00a0Minuten"},"schema":{"@context":"https:\/\/schema.org","@graph":[{"@type":"WebPage","@id":"https:\/\/aebitech.ch\/de\/references\/umbau-des-landwirtschaftlichen-lagerhauses-landi-motiers-ne\/","url":"https:\/\/aebitech.ch\/de\/references\/umbau-des-landwirtschaftlichen-lagerhauses-landi-motiers-ne\/","name":"Landwirtschaftliches Lagerhaus Landi \u2013 M\u00f4tiers NE - Aebitech SA","isPartOf":{"@id":"https:\/\/aebitech.ch\/de\/#website"},"primaryImageOfPage":{"@id":"https:\/\/aebitech.ch\/de\/references\/umbau-des-landwirtschaftlichen-lagerhauses-landi-motiers-ne\/#primaryimage"},"image":{"@id":"https:\/\/aebitech.ch\/de\/references\/umbau-des-landwirtschaftlichen-lagerhauses-landi-motiers-ne\/#primaryimage"},"thumbnailUrl":"https:\/\/aebitech.ch\/wp-content\/uploads\/2025\/07\/Vue_bat-cc-2.min_-1.jpg","datePublished":"2025-07-09T07:32:35+00:00","dateModified":"2026-02-06T14:27:48+00:00","breadcrumb":{"@id":"https:\/\/aebitech.ch\/de\/references\/umbau-des-landwirtschaftlichen-lagerhauses-landi-motiers-ne\/#breadcrumb"},"inLanguage":"de","potentialAction":[{"@type":"ReadAction","target":["https:\/\/aebitech.ch\/de\/references\/umbau-des-landwirtschaftlichen-lagerhauses-landi-motiers-ne\/"]}]},{"@type":"ImageObject","inLanguage":"de","@id":"https:\/\/aebitech.ch\/de\/references\/umbau-des-landwirtschaftlichen-lagerhauses-landi-motiers-ne\/#primaryimage","url":"https:\/\/aebitech.ch\/wp-content\/uploads\/2025\/07\/Vue_bat-cc-2.min_-1.jpg","contentUrl":"https:\/\/aebitech.ch\/wp-content\/uploads\/2025\/07\/Vue_bat-cc-2.min_-1.jpg","width":1600,"height":1200},{"@type":"BreadcrumbList","@id":"https:\/\/aebitech.ch\/de\/references\/umbau-des-landwirtschaftlichen-lagerhauses-landi-motiers-ne\/#breadcrumb","itemListElement":[{"@type":"ListItem","position":1,"name":"Accueil","item":"https:\/\/aebitech.ch\/de\/"},{"@type":"ListItem","position":2,"name":"R\u00e9f\u00e9rences","item":"https:\/\/aebitech.ch\/de\/references\/"},{"@type":"ListItem","position":3,"name":"Landwirtschaftliches Lagerhaus Landi \u2013 M\u00f4tiers NE"}]},{"@type":"WebSite","@id":"https:\/\/aebitech.ch\/de\/#website","url":"https:\/\/aebitech.ch\/de\/","name":"Aebitech SA","description":"","potentialAction":[{"@type":"SearchAction","target":{"@type":"EntryPoint","urlTemplate":"https:\/\/aebitech.ch\/de\/?s={search_term_string}"},"query-input":{"@type":"PropertyValueSpecification","valueRequired":true,"valueName":"search_term_string"}}],"inLanguage":"de"}]}},"_links":{"self":[{"href":"https:\/\/aebitech.ch\/de\/wp-json\/wp\/v2\/project\/25814117","targetHints":{"allow":["GET"]}}],"collection":[{"href":"https:\/\/aebitech.ch\/de\/wp-json\/wp\/v2\/project"}],"about":[{"href":"https:\/\/aebitech.ch\/de\/wp-json\/wp\/v2\/types\/project"}],"author":[{"embeddable":true,"href":"https:\/\/aebitech.ch\/de\/wp-json\/wp\/v2\/users\/3"}],"replies":[{"embeddable":true,"href":"https:\/\/aebitech.ch\/de\/wp-json\/wp\/v2\/comments?post=25814117"}],"version-history":[{"count":5,"href":"https:\/\/aebitech.ch\/de\/wp-json\/wp\/v2\/project\/25814117\/revisions"}],"predecessor-version":[{"id":25814457,"href":"https:\/\/aebitech.ch\/de\/wp-json\/wp\/v2\/project\/25814117\/revisions\/25814457"}],"wp:featuredmedia":[{"embeddable":true,"href":"https:\/\/aebitech.ch\/de\/wp-json\/wp\/v2\/media\/25814030"}],"wp:attachment":[{"href":"https:\/\/aebitech.ch\/de\/wp-json\/wp\/v2\/media?parent=25814117"}],"wp:term":[{"taxonomy":"project_category","embeddable":true,"href":"https:\/\/aebitech.ch\/de\/wp-json\/wp\/v2\/project_category?post=25814117"},{"taxonomy":"project_tag","embeddable":true,"href":"https:\/\/aebitech.ch\/de\/wp-json\/wp\/v2\/project_tag?post=25814117"}],"curies":[{"name":"wp","href":"https:\/\/api.w.org\/{rel}","templated":true}]}}